{"id":6503,"date":"2023-08-10T12:15:34","date_gmt":"2023-08-10T10:15:34","guid":{"rendered":"https:\/\/www.fsr-verkehr.de\/events\/wanderung-3\/"},"modified":"2023-10-08T08:47:03","modified_gmt":"2023-10-08T06:47:03","slug":"wanderung-2023","status":"publish","type":"mec-events","link":"https:\/\/www.fsr-verkehr.de\/en\/events\/wanderung-2023\/","title":{"rendered":"Wanderung (Verschiebung Tour 2 und 3)"},"content":{"rendered":"\n<p class=\"has-text-color\" style=\"color:#ff0000\"><strong>Wichtig: Aufgrund des regnerischen Wetters m\u00fcssen die beiden Wanderungen in die s\u00e4chsische Schweiz (Tour 2 und 3) verschoben werden. Nur die Wanderung in das Wei\u00dferitztal (Tour 1) kann wie geplant stattfinden (Treffpunkt 9:30 am Hbf).<br>Wir k\u00f6nnen die Wanderungen in die s\u00e4chsische Schweiz am vorlesungsfreien Reformationstag, den 31.10., nachholen und w\u00fcrden freuen uns, wenn ihr dann dabei seid. Selbstverst\u00e4ndlich k\u00f6nnt ihr aber auch heute am 08.10.2023 schon ohne Anmeldung im Wei\u00dferitztal dabei sein.<\/strong><\/p>\n\n\n\n<p>+++<\/p>\n\n\n\n<p>Am letzten ESE-Tag finden gemeinsame Wanderungen statt. Wir laden euch herzlich dazu ein, die Umgebung von Dresden und die s\u00e4chsische Schweiz auf verschiedenen Wegen in Gruppen gemeinsam mit uns zu erkunden!<\/p>\n\n\n\n<p>Wir haben drei verschiedene Routen mit unterschiedlichen Schwerpunkten und Sehensw\u00fcrdigkeiten vorbereitet. Bitte entscheidet euch vorab f\u00fcr eine davon und meldet euch dann <a href=\"https:\/\/bildungsportal.sachsen.de\/opal\/auth\/RepositoryEntry\/40999780352\/CourseNode\/102530386896757\">im OPAL-Kurs<\/a> daf\u00fcr an. Dort findet ihr auch genauere Informationen zu den Routen sowie zum jeweiligen Treffpunkt.<\/p>\n\n\n\n<div class=\"wp-block-buttons is-layout-flex wp-block-buttons-is-layout-flex\">\n<div class=\"wp-block-button\"><a class=\"wp-block-button__link wp-element-button\" href=\"https:\/\/bildungsportal.sachsen.de\/opal\/auth\/RepositoryEntry\/40999780352\/CourseNode\/102530386896757\">zur Anmeldung<\/a><\/div>\n<\/div>\n","protected":false},"excerpt":{"rendered":"<p>Wichtig: Aufgrund des regnerischen Wetters m\u00fcssen die beiden Wanderungen in die s\u00e4chsische Schweiz (Tour 2 und 3) verschoben werden. Nur die Wanderung in das Wei\u00dferitztal \u2026<\/p>\n","protected":false},"author":5,"featured_media":0,"comment_status":"closed","ping_status":"closed","template":"","tags":[],"mec_category":[112],"class_list":["post-6503","mec-events","type-mec-events","status-publish","hentry","mec_category-ese"],"translation":{"provider":"WPGlobus","version":"3.0.0","language":"en","enabled_languages":["de","en"],"languages":{"de":{"title":true,"content":true,"excerpt":false},"en":{"title":false,"content":false,"excerpt":false}}},"_links":{"self":[{"href":"https:\/\/www.fsr-verkehr.de\/en\/wp-json\/wp\/v2\/mec-events\/6503","targetHints":{"allow":["GET"]}}],"collection":[{"href":"https:\/\/www.fsr-verkehr.de\/en\/wp-json\/wp\/v2\/mec-events"}],"about":[{"href":"https:\/\/www.fsr-verkehr.de\/en\/wp-json\/wp\/v2\/types\/mec-events"}],"author":[{"embeddable":true,"href":"https:\/\/www.fsr-verkehr.de\/en\/wp-json\/wp\/v2\/users\/5"}],"replies":[{"embeddable":true,"href":"https:\/\/www.fsr-verkehr.de\/en\/wp-json\/wp\/v2\/comments?post=6503"}],"wp:attachment":[{"href":"https:\/\/www.fsr-verkehr.de\/en\/wp-json\/wp\/v2\/media?parent=6503"}],"wp:term":[{"taxonomy":"post_tag","embeddable":true,"href":"https:\/\/www.fsr-verkehr.de\/en\/wp-json\/wp\/v2\/tags?post=6503"},{"taxonomy":"mec_category","embeddable":true,"href":"https:\/\/www.fsr-verkehr.de\/en\/wp-json\/wp\/v2\/mec_category?post=6503"}],"curies":[{"name":"wp","href":"https:\/\/api.w.org\/{rel}","templated":true}]}}