{"id":6833,"date":"2023-10-09T09:16:12","date_gmt":"2023-10-09T07:16:12","guid":{"rendered":"https:\/\/www.fsr-verkehr.de\/?post_type=mec-events&#038;p=6833"},"modified":"2023-11-13T20:40:39","modified_gmt":"2023-11-13T19:40:39","slug":"fsr-sitzung-am-30-10-2023","status":"publish","type":"mec-events","link":"https:\/\/www.fsr-verkehr.de\/en\/events\/fsr-sitzung-am-30-10-2023\/","title":{"rendered":"FSR Sitzung am 30.10.2023"},"content":{"rendered":"\n<p>Am 30.10.2023 um 20:05 Uhr findet wieder eine Sitzung des FSR-Verkehr<strong> im <a href=\"https:\/\/navigator.tu-dresden.de\/raum\/325401.0010\">POT\/13<\/a> <\/strong>statt. An der Sitzung kann man auch <a href=\"https:\/\/bbb.tu-dresden.de\/b\/spr-phu-4sq-oer\">unter diesem Link<\/a> online teilhaben. Stimmrecht k\u00f6nnen aber nur diejenigen Mitglieder haben, die in Pr\u00e4senz an der Sitzung teilnehmen!<\/p>\n\n\n\n<p><strong>Vorl\u00e4ufige Tagesordnung:<\/strong><\/p>\n\n\n\n<ul class=\"wp-block-list\">\n<li>0. Formalia<\/li>\n\n\n\n<li>1. Gremien\n<ul class=\"wp-block-list\">\n<li>StuRa\n<ul class=\"wp-block-list\">\n<li>Bericht IT-Ressort: Ab dem 14.11 wird als \u00dcbergangsphase 2-Faktor-Authentifizierung eingef\u00fchrt. Ab 6 Wochen sp\u00e4ter verpflichtend. Dazu soll es dann eine vorgeschlagene App geben, die einen Code generiert. Dies betrifft u.A. Opal, aber nicht Hisqis und Selma. Bei vergessenem Passwort: Identit\u00e4tspr\u00fcfung (via Video \/ Gang zum SCS) vonn\u00f6ten. <\/li>\n\n\n\n<li>Ressorcen: Finanzen &amp; Projektf\u00f6rderung: Personelle Engp\u00e4sse<\/li>\n\n\n\n<li>GAG 18: Anerkennung als Hochschulgruppe, wurde angenommen, auch wenn nur etwa 50% der Mitglieder sind.<\/li>\n<\/ul>\n<\/li>\n\n\n\n<li>Bereichsrat: \n<ul class=\"wp-block-list\">\n<li>w\u00e4hlt n\u00e4chsten Mittwoch einen neuen Bereichssprecher<\/li>\n<\/ul>\n<\/li>\n\n\n\n<li>Passt?!\n<ul class=\"wp-block-list\">\n<li>Noch in Testphase, viele positive R\u00fcckmeldungen<\/li>\n\n\n\n<li>Vorschlag: App<\/li>\n\n\n\n<li>Wie will man Studierenden R\u00fcckmeldungen geben?<\/li>\n\n\n\n<li>FSR soll einen Beratungskompass bekommen<\/li>\n<\/ul>\n<\/li>\n<\/ul>\n<\/li>\n\n\n\n<li>2. Wahlen und Entsendungen\n<ul class=\"wp-block-list\">\n<li>StuGaKo LuLo\n<ul class=\"wp-block-list\">\n<li>Es existieren Kandidierende, aber nicht auf dieser Sitzung -> Vertagt<\/li>\n<\/ul>\n<\/li>\n<\/ul>\n<\/li>\n\n\n\n<li>3. ESE-Auswertung\n<ul class=\"wp-block-list\">\n<li>Online-Evaluation mit 160 Teilnehmer\n<ul class=\"wp-block-list\">\n<li>von Internationals W\u00fcnsche nach besserer Integration mit festen Bezugspersonen und Workshops zu &#8220;Wie funktioniert&#8230;?&#8221;<\/li>\n\n\n\n<li>Deutschsprachige finden solche Workshops eher nicht so cool<\/li>\n\n\n\n<li>Koordination mit der Ausgabe der Ersti-Rucks\u00e4cke verbessern<\/li>\n\n\n\n<li>bargeldlos bezahlen? -&gt; Kartenleser anschaffen?<\/li>\n\n\n\n<li>Kommunikation: zu wenig Infos auf Fakult\u00e4tswebsite<\/li>\n\n\n\n<li>Programmpunkte teilweise zu z\u00e4h<\/li>\n\n\n\n<li>viel Lob dabei<\/li>\n<\/ul>\n<\/li>\n<\/ul>\n<\/li>\n\n\n\n<li>4. Ressorts \n<ul class=\"wp-block-list\">\n<li>FSR Fahrt\n<ul class=\"wp-block-list\">\n<li>heute gertoffen<\/li>\n\n\n\n<li>Leuten, die \u00fcberlegen, bei FSR mitzumachen, ist empfohlen da hinzugehen, u.A. werden da Gremien u.\u00c4. erkl\u00e4rt<\/li>\n\n\n\n<li>24. &#8211; 26. 11<\/li>\n\n\n\n<li>Anmeldung ist schon offen, l\u00e4uft \u00fcber den OPAL-Kurs f\u00fcr FSR-Veranstaltungen<\/li>\n\n\n\n<li>Themenw\u00fcnsche?\n<ul class=\"wp-block-list\">\n<li>Wie kriegen wir andere Studieng\u00e4nge als VIW in FSR?<\/li>\n\n\n\n<li>Diskussionskultur<\/li>\n\n\n\n<li>Weitere Ideen oder den Wunsch, da mitzumachen, bis n\u00e4chsten Montag 18:15 an Fabian schicken<\/li>\n\n\n\n<li>Beratung &amp; Service bei Internationals<\/li>\n<\/ul>\n<\/li>\n<\/ul>\n<\/li>\n\n\n\n<li>Uni Live\n<ul class=\"wp-block-list\">\n<li>demn\u00e4chst Treffen mit Fakult\u00e4tspersonal zum Besprechen<\/li>\n\n\n\n<li>W\u00fcnsche? Bitte an Fabian bis sp\u00e4testens Mittwoch Abend<\/li>\n<\/ul>\n<\/li>\n\n\n\n<li>Ersti-H\u00fctte\n<ul class=\"wp-block-list\">\n<li>Essen, Unterkunft gut bis sehr gut bewertet<\/li>\n\n\n\n<li>Gut: Engagement, Tiere, Essen, Programm, Spaziergang<\/li>\n\n\n\n<li>schlecht: Quiz f\u00fcr die Internationals schlecht l\u00f6sbar, wenig Werbung f\u00fcr Internationals, das Wecken, vereinzelt: Dekoration der Unterkunft<\/li>\n\n\n\n<li>generelle Bitte: Wenn etwas kaputt geht, bitte den Finanzer des FSR zeitnah informieren!<\/li>\n<\/ul>\n<\/li>\n\n\n\n<li>Wahlen\n<ul class=\"wp-block-list\">\n<li>Wahlausschreibung offiziell raus!<\/li>\n\n\n\n<li>Kandidatur einreichen ist ab jetzt m\u00f6glich! \n<ul class=\"wp-block-list\">\n<li>Schluss: 14.11. 15:00<\/li>\n\n\n\n<li>Bewerbung ist m\u00f6glich im FSR-B\u00fcro oder beim StuRa oder online auf der Webseite des FSR<\/li>\n\n\n\n<li>Im B\u00fcro liegen Formulare sowie f\u00fcr die Einreichung dieser ein roter Briefkasten<\/li>\n<\/ul>\n<\/li>\n<\/ul>\n<\/li>\n<\/ul>\n\n\n\n<ul class=\"wp-block-list\">\n<li>Website\n<ul class=\"wp-block-list\">\n<li>\u00dcbersetzung auf englische Version soll anders umgesetzt werden<\/li>\n\n\n\n<li>Es werden Leute gesucht, die am Donnerstag 16:00 beim Copy-Pasten helfen wollen<\/li>\n<\/ul>\n<\/li>\n<\/ul>\n<\/li>\n\n\n\n<li>5. Bericht von Sprechern und Finanzer\n<ul class=\"wp-block-list\">\n<li>Dekanatsgespr\u00e4ch\n<ul class=\"wp-block-list\">\n<li>translation office \u00fcbersetzt keine Modulbeschreibungen mehr<\/li>\n\n\n\n<li>Lehrpreis: Dekanat steht dahinter, Corporate Identity f\u00fcr diesen h\u00e4lt man f\u00fcr eine gute Idee<\/li>\n\n\n\n<li>AG Sch\u00fcler f\u00fcr die Schiene:\n<ul class=\"wp-block-list\">\n<li>von der Rail S (Schienenbranche in Sahcsen)<\/li>\n\n\n\n<li>Es existiert eine Kooperation mit der TU<\/li>\n\n\n\n<li>Neues Projekt geplant: Schulen sollen angeschrieben werden f\u00fcr einen Wettbewerb<\/li>\n\n\n\n<li>Preis: Workshop plus Campusf\u00fchrung an der TU, Besuch der InnoTrans, 2 Firmen besuchen<\/li>\n<\/ul>\n<\/li>\n\n\n\n<li>Letzte Woche Donnerstag fand ein Workshop zum Thema Lern- &amp; Arbeitstechniken f\u00fcr Erstis statt<\/li>\n\n\n\n<li>Letzte Woche MIttwoch und Freitag: Workshop zum Markenprozess der Fakult\u00e4t\n<ul class=\"wp-block-list\">\n<li>St\u00e4rken &amp; Schw\u00e4chen zusammengetragen<\/li>\n\n\n\n<li>Strategie &amp; Ziele f\u00fcr Fakult\u00e4t sollten erarbeitet werden<\/li>\n\n\n\n<li>Zielsetzung unklar: Was will man? Kommunikationsworkshop, Corporate Identity, Austausch \u00fcber Probleme?<\/li>\n<\/ul>\n<\/li>\n\n\n\n<li>Es soll wohl F\u00e4lle von \u00dcbergriffigkeit an der Uni gegeben haben: Aufmerksam sein, ggf. einschreiten, es gibt auch ein Beschwerdetool der TU<\/li>\n\n\n\n<li>Finanzielle Auswertung von Sommerfest und Ersti-H\u00fctte wurde vorgestellt<\/li>\n\n\n\n<li>Karierretag Verkehrsmuseum: Schichten sind noch offen &#8211; Das Mikrofon wanderte, um Leute zu finden, die diese noch besetzen k\u00f6nnen. <\/li>\n\n\n\n<li>8.11. um 12:00 trifft sich Victor mit der Sekret\u00e4rin einiger Professoren: Campustour f\u00fcr internationale Mitarbeitende: Wollen mit dem FSR in Gespr\u00e4ch kommen. Interesse? Bei Victor melden<\/li>\n<\/ul>\n<\/li>\n<\/ul>\n<\/li>\n\n\n\n<li>6. Sonstiges\n<ul class=\"wp-block-list\">\n<li>Zwergensaal: ggf. mal Inventur durchf\u00fchren. Helfer werden gesucht, Termin noch unklar. Bei Interesse an Lea wenden. <\/li>\n\n\n\n<li>Verkehrte Welt ist (dank einer T\u00fcr) pleite. Sitzung n\u00e4chsten Mittwoch (den 1.11.).<\/li>\n\n\n\n<li>Wahlen: bitte Zeitr\u00e4ume f\u00fcr Wahlen FSR \/ andere Gremien beachten!<\/li>\n\n\n\n<li>Im OTRS beachten: eine Psychologie-Studentin will den Studiengang VIW mal auswerten<\/li>\n\n\n\n<li>7.11.: KMV: Gerne gut besuchen!<\/li>\n\n\n\n<li>11.11. Ball der Fakult\u00e4t, bis morgen Kartenverkauf noch offen<\/li>\n<\/ul>\n<\/li>\n<\/ul>\n\n\n\n<p>Bei Fragen k\u00f6nnt ihr uns wie immer gerne <a href=\"https:\/\/fsr-verkehr.de\/kontakt\/\">anschreiben<\/a> oder ansprechen.<\/p>\n\n\n\n<p>Wir freuen uns auf euer Kommen!<\/p>\n","protected":false},"excerpt":{"rendered":"<p>Am 30.10.2023 um 20:05 Uhr findet wieder eine Sitzung des FSR-Verkehr im POT\/13 statt. An der Sitzung kann man auch unter diesem Link online teilhaben. \u2026<\/p>\n","protected":false},"author":5,"featured_media":5402,"comment_status":"closed","ping_status":"closed","template":"","tags":[],"mec_category":[75],"class_list":["post-6833","mec-events","type-mec-events","status-publish","has-post-thumbnail","hentry","mec_category-fsr-sitzung"],"translation":{"provider":"WPGlobus","version":"3.0.0","language":"en","enabled_languages":["de","en"],"languages":{"de":{"title":true,"content":true,"excerpt":false},"en":{"title":false,"content":false,"excerpt":false}}},"_links":{"self":[{"href":"https:\/\/www.fsr-verkehr.de\/en\/wp-json\/wp\/v2\/mec-events\/6833","targetHints":{"allow":["GET"]}}],"collection":[{"href":"https:\/\/www.fsr-verkehr.de\/en\/wp-json\/wp\/v2\/mec-events"}],"about":[{"href":"https:\/\/www.fsr-verkehr.de\/en\/wp-json\/wp\/v2\/types\/mec-events"}],"author":[{"embeddable":true,"href":"https:\/\/www.fsr-verkehr.de\/en\/wp-json\/wp\/v2\/users\/5"}],"replies":[{"embeddable":true,"href":"https:\/\/www.fsr-verkehr.de\/en\/wp-json\/wp\/v2\/comments?post=6833"}],"wp:featuredmedia":[{"embeddable":true,"href":"https:\/\/www.fsr-verkehr.de\/en\/wp-json\/wp\/v2\/media\/5402"}],"wp:attachment":[{"href":"https:\/\/www.fsr-verkehr.de\/en\/wp-json\/wp\/v2\/media?parent=6833"}],"wp:term":[{"taxonomy":"post_tag","embeddable":true,"href":"https:\/\/www.fsr-verkehr.de\/en\/wp-json\/wp\/v2\/tags?post=6833"},{"taxonomy":"mec_category","embeddable":true,"href":"https:\/\/www.fsr-verkehr.de\/en\/wp-json\/wp\/v2\/mec_category?post=6833"}],"curies":[{"name":"wp","href":"https:\/\/api.w.org\/{rel}","templated":true}]}}