{"id":8407,"date":"2024-04-08T20:08:32","date_gmt":"2024-04-08T18:08:32","guid":{"rendered":"https:\/\/www.fsr-verkehr.de\/events\/fsr-sitzung-am-08-04-2024\/"},"modified":"2024-04-08T22:14:56","modified_gmt":"2024-04-08T20:14:56","slug":"fsr-sitzung-am-08-04-2024","status":"publish","type":"mec-events","link":"https:\/\/www.fsr-verkehr.de\/en\/events\/fsr-sitzung-am-08-04-2024\/","title":{"rendered":"FSR-Sitzung am 08.04.2024"},"content":{"rendered":"\n<p>Montags um 20:05 findet die w\u00f6chentliche Sitzung des FSR Verkehr im POT\/13 statt, zu der alle herzlich eingeladen sind. Die Sitzung l\u00e4sst sich auch <a href=\"https:\/\/bbb.tu-dresden.de\/b\/spr-phu-4sq-oer\">online unter diesem Link<\/a> verfolgen, Mitglieder haben allerdings nur in Pr\u00e4senz Stimmrecht.<\/p>\n\n\n\n<ul class=\"wp-block-list\">\n<li>0. Formalia\n<ul class=\"wp-block-list\">\n<li>keine offenen Protokolle<\/li>\n<\/ul>\n<\/li>\n\n\n\n<li>1. Gremien\n<ul class=\"wp-block-list\">\n<li>PA VWI \n<ul class=\"wp-block-list\">\n<li>Anrechnungsverfahren \u00e4ndert sich auf ein halbdigitales Verfahren, mit digitaler und analoger Einreichung des Antrags<\/li>\n\n\n\n<li>Einschreibungsfrist f\u00fcr Pr\u00fcfungen einen Tag l\u00e4nger<\/li>\n<\/ul>\n<\/li>\n\n\n\n<li>StuKo VIW\n<ul class=\"wp-block-list\">\n<li>Studizahlen f\u00fcrs Sommersemester vorgestellt<\/li>\n\n\n\n<li>6. Juni Fakult\u00e4tsvollversammlung<\/li>\n\n\n\n<li>Zwangs\u00fcbertritt in die neue Pr\u00fcfungsordnung am 30.9.2025: Kann vermieden werden, wenn die Diplomarbeit bereits angemeldet ist<\/li>\n\n\n\n<li>Bericht zur Akkreditierung BSI<\/li>\n\n\n\n<li>Lehrevaluation beschlossen<\/li>\n<\/ul>\n<\/li>\n\n\n\n<li>StuRa\n<ul class=\"wp-block-list\">\n<li>Bericht zu Einf\u00fchrung neues Deutschlandsemesterticket:\n<ul class=\"wp-block-list\">\n<li>Wenn es bei der Kontrolle zu Problemen hinsichtlich G\u00fcltigkeit kommt, an SCS wenden<\/li>\n<\/ul>\n<\/li>\n<\/ul>\n<\/li>\n<\/ul>\n<\/li>\n\n\n\n<li>2. Wahlen und Entsendungen\n<ul class=\"wp-block-list\">\n<li>2.1. StuGaKo EVS\n<ul class=\"wp-block-list\">\n<li>vertagt<\/li>\n<\/ul>\n<\/li>\n\n\n\n<li>2.2. StuGaKo LuLo\/ATL\n<ul class=\"wp-block-list\">\n<li>Kanshang ist gew\u00e4hlt<\/li>\n<\/ul>\n<\/li>\n\n\n\n<li>2.3. StuGaKo Tec\n<ul class=\"wp-block-list\">\n<li>Nico Reuter ist gew\u00e4hlt<\/li>\n<\/ul>\n<\/li>\n\n\n\n<li>2.4. StuGaKo VWI Bachelor\n<ul class=\"wp-block-list\">\n<li>Zoe (4. Semester) ist gew\u00e4hlt<\/li>\n<\/ul>\n<\/li>\n\n\n\n<li>2.5. StuKo Bachelor MoVe\n<ul class=\"wp-block-list\">\n<li>Die StuKo des Studiengangs VIW bekommt diese Aufgaben \u00fcbertragen<\/li>\n<\/ul>\n<\/li>\n<\/ul>\n<\/li>\n\n\n\n<li>3. FA PentaGames\n<ul class=\"wp-block-list\">\n<li>15.Mai<\/li>\n\n\n\n<li>FA wurde angenommen<\/li>\n<\/ul>\n<\/li>\n\n\n\n<li>4. Studiendekan MoVe\n<ul class=\"wp-block-list\">\n<li>Es soll in Abstimmung mit dem FSR gew\u00e4hlt werden<\/li>\n\n\n\n<li>Kandidat: Herr Michler <\/li>\n<\/ul>\n<\/li>\n\n\n\n<li>5. Ressorts\n<ul class=\"wp-block-list\">\n<li>ESE: erstes Ressorttreffen am 16.4. um 16:40<\/li>\n\n\n\n<li>Verkehrspolitik: N\u00e4chste Diskussionsrunde wird um eine Woche verschoben<\/li>\n\n\n\n<li>Strategiewochenende: n\u00e4chste Woche FA<\/li>\n\n\n\n<li>Nachhaltigkeit: Nimmt an entsprechendem Vernetzungstreffen teil<\/li>\n\n\n\n<li>Sommerfest: in vsl. 2 Wochen FA <\/li>\n<\/ul>\n<\/li>\n\n\n\n<li>6. Bericht von Sprechern und Finanzer\n<ul class=\"wp-block-list\">\n<li>Neue Opal-Funktion: Katalog zum leichterem Finden von Kursangeboten, nach Studieng\u00e4ngen sortiert: \n<ul class=\"wp-block-list\">\n<li>Kursangebote &#8211; TUDresden &#8211; Bereich Bau und Umwelt &#8211; &#8230;<\/li>\n\n\n\n<li>ist leider noch nicht ganz vollst\u00e4ndig <\/li>\n<\/ul>\n<\/li>\n<\/ul>\n<\/li>\n\n\n\n<li>7. Sonstige\n<ul class=\"wp-block-list\">\n<li>Verkehrte Welt: \n<ul class=\"wp-block-list\">\n<li>N\u00fcrnberg-Exkursion\n<ul class=\"wp-block-list\">\n<li>war 2 Tage nach Beginn der Anmeldung voll<\/li>\n\n\n\n<li>gro\u00dfer Erfolg<\/li>\n<\/ul>\n<\/li>\n\n\n\n<li>N\u00e4chste Sitzung wieder Mittwoch<\/li>\n\n\n\n<li>Strategiewochenende: An Einschreibung denken!<\/li>\n<\/ul>\n<\/li>\n\n\n\n<li>Es gibt jetzt einen Bereichsnewsletter<\/li>\n\n\n\n<li>N\u00e4chstes Protokoll: Bj\u00f6rn<\/li>\n<\/ul>\n<\/li>\n<\/ul>\n\n\n\n<p>Solltet ihr noch Fragen haben, <a href=\"http:\/\/fsr-verkehr.de\/kontakt\/\">schreibt<\/a> oder sprecht uns gerne an. Wir freuen uns auf euer Kommen!<\/p>\n","protected":false},"excerpt":{"rendered":"<p>Montags um 20:05 findet die w\u00f6chentliche Sitzung des FSR Verkehr im POT\/13 statt, zu der alle herzlich eingeladen sind. Die Sitzung l\u00e4sst sich auch online \u2026<\/p>\n","protected":false},"author":23,"featured_media":0,"comment_status":"closed","ping_status":"closed","template":"","tags":[],"mec_category":[75],"class_list":["post-8407","mec-events","type-mec-events","status-publish","hentry","mec_category-fsr-sitzung"],"translation":{"provider":"WPGlobus","version":"3.0.0","language":"en","enabled_languages":["de","en"],"languages":{"de":{"title":true,"content":true,"excerpt":false},"en":{"title":false,"content":false,"excerpt":false}}},"_links":{"self":[{"href":"https:\/\/www.fsr-verkehr.de\/en\/wp-json\/wp\/v2\/mec-events\/8407","targetHints":{"allow":["GET"]}}],"collection":[{"href":"https:\/\/www.fsr-verkehr.de\/en\/wp-json\/wp\/v2\/mec-events"}],"about":[{"href":"https:\/\/www.fsr-verkehr.de\/en\/wp-json\/wp\/v2\/types\/mec-events"}],"author":[{"embeddable":true,"href":"https:\/\/www.fsr-verkehr.de\/en\/wp-json\/wp\/v2\/users\/23"}],"replies":[{"embeddable":true,"href":"https:\/\/www.fsr-verkehr.de\/en\/wp-json\/wp\/v2\/comments?post=8407"}],"wp:attachment":[{"href":"https:\/\/www.fsr-verkehr.de\/en\/wp-json\/wp\/v2\/media?parent=8407"}],"wp:term":[{"taxonomy":"post_tag","embeddable":true,"href":"https:\/\/www.fsr-verkehr.de\/en\/wp-json\/wp\/v2\/tags?post=8407"},{"taxonomy":"mec_category","embeddable":true,"href":"https:\/\/www.fsr-verkehr.de\/en\/wp-json\/wp\/v2\/mec_category?post=8407"}],"curies":[{"name":"wp","href":"https:\/\/api.w.org\/{rel}","templated":true}]}}