{"id":9429,"date":"2024-12-09T20:10:25","date_gmt":"2024-12-09T19:10:25","guid":{"rendered":"https:\/\/www.fsr-verkehr.de\/?post_type=mec-events&#038;p=9429"},"modified":"2024-12-09T21:40:09","modified_gmt":"2024-12-09T20:40:09","slug":"fsr-sitzung-7-830-539-352","status":"publish","type":"mec-events","link":"https:\/\/www.fsr-verkehr.de\/en\/events\/fsr-sitzung-7-830-539-352\/","title":{"rendered":"FSR-Sitzung"},"content":{"rendered":"\n<p>Montags um 20:05 findet die w\u00f6chentliche Sitzung des FSR Verkehr im POT\/13 statt, zu der alle herzlich eingeladen sind. Die Sitzung l\u00e4sst sich auch <a href=\"https:\/\/bbb.tu-dresden.de\/b\/spr-phu-4sq-oer\">online unter diesem Link<\/a> verfolgen, Mitglieder haben allerdings nur in Pr\u00e4senz Stimmrecht. Tagesordnung:<\/p>\n\n\n\n<ul class=\"wp-block-list\">\n<li>1. Formalia\n<ul class=\"wp-block-list\">\n<li>offene Protokolle, die beschlossen wurden:\n<ul class=\"wp-block-list\">\n<li>keine<\/li>\n<\/ul>\n<\/li>\n<\/ul>\n<\/li>\n\n\n\n<li>2. Gremien\n<ul class=\"wp-block-list\">\n<li>Fakult\u00e4tsrat tagt n\u00e4chste Woche<\/li>\n\n\n\n<li>StuRa\n<ul class=\"wp-block-list\">\n<li>Personelle \u00c4nderungen:\n<ul class=\"wp-block-list\">\n<li>neuer Referent \u00d6A<\/li>\n\n\n\n<li>weiteres Mitglied Sitzungsvorstand<\/li>\n\n\n\n<li>gesucht: Kandidierende f\u00fcr den Pr\u00fcfungsausschuss Meister -&gt; Master<\/li>\n<\/ul>\n<\/li>\n\n\n\n<li>gef\u00f6rdert:\n<ul class=\"wp-block-list\">\n<li>Filmvorf\u00fchrung Peter Pan (original) Kino im Kasten<\/li>\n\n\n\n<li>Nikolausklettern<\/li>\n\n\n\n<li>Bier und Musik: Zur\u00fcck in die Neue Mensa\n<ul class=\"wp-block-list\">\n<li>n\u00e4chstes Jahr geplant (am 16.12., 10 Jahre und 1 Tag nach Schlie\u00dfung der alten Bierstube)<\/li>\n\n\n\n<li>potentiell m\u00fcssen wir uns vom Zelt verabschieden<\/li>\n<\/ul>\n<\/li>\n\n\n\n<li>StuRa-Weihnachtsfeier<\/li>\n<\/ul>\n<\/li>\n\n\n\n<li>Beratungen \u00fcber Grundordnung\n<ul class=\"wp-block-list\">\n<li>Bereichskonvente (FSR f\u00fcr den Bereich) k\u00f6nnte es geben, der sich aus FSR-Mitgliedern zusammensetzt und 1x im Monat tagt\n<ul class=\"wp-block-list\">\n<li>Sinn (insb. unter Gesichtspunkt: Ressort Vernetzung existiert)?<\/li>\n\n\n\n<li>studentische Beteiligungsbereitschaft?<\/li>\n\n\n\n<li>Finanzierung?<\/li>\n\n\n\n<li>gro\u00dfe Mehrheit der im FSR Anwesenden ist nicht \u00fcberzeugt <\/li>\n<\/ul>\n<\/li>\n<\/ul>\n<\/li>\n\n\n\n<li>Studi-Vollversammlung gegen Rechts von Studis gegen Rechts\n<ul class=\"wp-block-list\">\n<li>Uni hat zwar Raumantrag best\u00e4tigt, aber jetzt neue Auflagen gestellt\n<ul class=\"wp-block-list\">\n<li>wollen keine Parteinennung, keinen Vollversammlungscharakter<\/li>\n<\/ul>\n<\/li>\n<\/ul>\n<\/li>\n\n\n\n<li>Brandbrief aus Mainz f\u00fcr Studierendenvertretungen\n<ul class=\"wp-block-list\">\n<li>abgelehnt wegen einigen Forderungen, die als zu radikal angesehen wurden<\/li>\n<\/ul>\n<\/li>\n\n\n\n<li>drohende K\u00fcrzungen im \u00d6ffi: \n<ul class=\"wp-block-list\">\n<li>starke Auswirkungen auf Studis zu bef\u00fcrchten\n<ul class=\"wp-block-list\">\n<li>Mobiwelt, drohende Taktk\u00fcrzungen (insbesondere bei z.B. der 61 doof), Ausbauprojekte<\/li>\n<\/ul>\n<\/li>\n<\/ul>\n<\/li>\n\n\n\n<li>Rechtsberatung wird f\u00fcr den StuRa ein bisschen teurer (aber immer noch g\u00fcnstig)<\/li>\n<\/ul>\n<\/li>\n<\/ul>\n<\/li>\n\n\n\n<li>3. Wahlen und Entsendungen\n<ul class=\"wp-block-list\">\n<li>3.1. PA Ba VWI\n<ul class=\"wp-block-list\">\n<li>keine Kandidierenden<\/li>\n\n\n\n<li>dieses und \u00e4hnliche \u00c4mter werden in der ersten Sitzung des neuen Jahres neu gew\u00e4hlt<\/li>\n<\/ul>\n<\/li>\n\n\n\n<li>3 a) Wahlstand\n<ul class=\"wp-block-list\">\n<li>Wahlstand fertig bauen! (es folgt eine l\u00e4ngere Unterbrechung)<\/li>\n<\/ul>\n<\/li>\n\n\n\n<li>3 b)* Petition \u00d6PNV-K\u00fcrzungen stoppen\n<ul class=\"wp-block-list\">\n<li>Verkehrswende nicht mit Ausd\u00fcnnung schaffbar, Kohlenstoffdioxid-Emissionen, &#8230;<\/li>\n\n\n\n<li>keine klaren Planungen vorhanden (aber Berichte von DNN&#8230;)<\/li>\n\n\n\n<li>Petition auf den FSR-Account -> angenommen<\/li>\n<\/ul>\n<\/li>\n<\/ul>\n<\/li>\n\n\n\n<li>4. Ressorts\n<ul class=\"wp-block-list\">\n<li>Campus-Tour f\u00fcr Mitarbeitende\n<ul class=\"wp-block-list\">\n<li>Mittwoch<\/li>\n\n\n\n<li>Helfer gesucht -> bei Victor melden<\/li>\n<\/ul>\n<\/li>\n\n\n\n<li>Wahlen\n<ul class=\"wp-block-list\">\n<li>Einladung an Kandidierende in den GAG am Donnerstag zur Wahlparty<\/li>\n<\/ul>\n<\/li>\n<\/ul>\n<\/li>\n\n\n\n<li>5. Bericht von Sprechern und Finanzer\n<ul class=\"wp-block-list\">\n<li>n\u00e4chste Woche Rechenschaftsbericht<\/li>\n\n\n\n<li>Bildmaterial an Victor<\/li>\n<\/ul>\n<\/li>\n\n\n\n<li>6. Sonstiges\n<ul class=\"wp-block-list\">\n<li>Sp\u00e4tverkehrsweihnachtsfeier findet Donnerstag statt<\/li>\n\n\n\n<li>Verkehrte-Welt-Weihnachtsfeier am Mittwoch<\/li>\n\n\n\n<li>Zwergensaal muss aufger\u00e4umt werden!<\/li>\n<\/ul>\n<\/li>\n<\/ul>\n\n\n\n<p>*Die Aufz\u00e4hlung wurde exakt so beschlossen<\/p>\n","protected":false},"excerpt":{"rendered":"<p>Montags um 20:05 findet die w\u00f6chentliche Sitzung des FSR Verkehr im POT\/13 statt, zu der alle herzlich eingeladen sind. Die Sitzung l\u00e4sst sich auch online \u2026<\/p>\n","protected":false},"author":29,"featured_media":0,"comment_status":"closed","ping_status":"closed","template":"","tags":[],"mec_category":[75],"class_list":["post-9429","mec-events","type-mec-events","status-publish","hentry","mec_category-fsr-sitzung"],"translation":{"provider":"WPGlobus","version":"3.0.0","language":"en","enabled_languages":["de","en"],"languages":{"de":{"title":true,"content":true,"excerpt":false},"en":{"title":false,"content":false,"excerpt":false}}},"_links":{"self":[{"href":"https:\/\/www.fsr-verkehr.de\/en\/wp-json\/wp\/v2\/mec-events\/9429","targetHints":{"allow":["GET"]}}],"collection":[{"href":"https:\/\/www.fsr-verkehr.de\/en\/wp-json\/wp\/v2\/mec-events"}],"about":[{"href":"https:\/\/www.fsr-verkehr.de\/en\/wp-json\/wp\/v2\/types\/mec-events"}],"author":[{"embeddable":true,"href":"https:\/\/www.fsr-verkehr.de\/en\/wp-json\/wp\/v2\/users\/29"}],"replies":[{"embeddable":true,"href":"https:\/\/www.fsr-verkehr.de\/en\/wp-json\/wp\/v2\/comments?post=9429"}],"wp:attachment":[{"href":"https:\/\/www.fsr-verkehr.de\/en\/wp-json\/wp\/v2\/media?parent=9429"}],"wp:term":[{"taxonomy":"post_tag","embeddable":true,"href":"https:\/\/www.fsr-verkehr.de\/en\/wp-json\/wp\/v2\/tags?post=9429"},{"taxonomy":"mec_category","embeddable":true,"href":"https:\/\/www.fsr-verkehr.de\/en\/wp-json\/wp\/v2\/mec_category?post=9429"}],"curies":[{"name":"wp","href":"https:\/\/api.w.org\/{rel}","templated":true}]}}