{"id":9468,"date":"2025-01-06T20:11:21","date_gmt":"2025-01-06T19:11:21","guid":{"rendered":"https:\/\/www.fsr-verkehr.de\/?post_type=mec-events&#038;p=9468"},"modified":"2025-01-06T23:18:47","modified_gmt":"2025-01-06T22:18:47","slug":"fsr-sitzung-7-830-539-352-115","status":"publish","type":"mec-events","link":"https:\/\/www.fsr-verkehr.de\/en\/events\/fsr-sitzung-7-830-539-352-115\/","title":{"rendered":"FSR-Sitzung"},"content":{"rendered":"\n<p>Montags um 20:05 findet die w\u00f6chentliche Sitzung des FSR Verkehr im POT\/13 statt, zu der alle herzlich eingeladen sind. Die Sitzung l\u00e4sst sich auch <a href=\"https:\/\/bbb.tu-dresden.de\/b\/spr-phu-4sq-oer\">online unter diesem Link<\/a> verfolgen, Mitglieder haben allerdings nur in Pr\u00e4senz Stimmrecht. Tagesordnung:<\/p>\n\n\n\n<ul class=\"wp-block-list\">\n<li>1. Formalia\n<ul class=\"wp-block-list\">\n<li>offene Protokolle, die beschlossen wurden:\n<ul class=\"wp-block-list\">\n<li>keine<\/li>\n<\/ul>\n<\/li>\n<\/ul>\n<\/li>\n\n\n\n<li>2. Gremien\n<ul class=\"wp-block-list\">\n<li>StuKo Wirtschaft\n<ul class=\"wp-block-list\">\n<li>weiterhin langsame Pr\u00fcfung von Studiengangs\u00e4nderungen<\/li>\n<\/ul>\n<\/li>\n\n\n\n<li>StuRa\n<ul class=\"wp-block-list\">\n<li>Studis gegen Rechts bleiben auf Anwaltskosten wegen Uni sitzen<\/li>\n<\/ul>\n<\/li>\n<\/ul>\n<\/li>\n\n\n\n<li>3. Wahlen und Entsendungen\n<ul class=\"wp-block-list\">\n<li>3.1 Sprecherinnen \n<ul class=\"wp-block-list\">\n<li>Kandidierende: Jacob, Jannis (letzterer will zur\u00fccktreten, sobald sich ein j\u00fcngerer Mensch anlernen lassen will)<\/li>\n\n\n\n<li>beide gew\u00e4hlt<\/li>\n<\/ul>\n<\/li>\n\n\n\n<li>3.2 Finanzerin\n<ul class=\"wp-block-list\">\n<li>Kandidat: Phillipp Saalfeld\n<ul class=\"wp-block-list\">\n<li>gew\u00e4hlt<\/li>\n<\/ul>\n<\/li>\n<\/ul>\n<\/li>\n\n\n\n<li>3.3 StuKo Wirtschaft\n<ul class=\"wp-block-list\">\n<li>viele Kandidierende\n<ul class=\"wp-block-list\">\n<li>Nico, Lukas x2, Aaron, Victor<\/li>\n\n\n\n<li>-&gt; alle entsendet, ein StuKo-Platz existiert noch<\/li>\n<\/ul>\n<\/li>\n\n\n\n<li>3.4 StuKo Ing\n<ul class=\"wp-block-list\">\n<li>Oke, Victor, Lennard, Florian, Leon, Tim<\/li>\n\n\n\n<li>-> entsendet<\/li>\n<\/ul>\n<\/li>\n\n\n\n<li>3.5 PA VIW\n<ul class=\"wp-block-list\">\n<li>Magnus, Patrick<\/li>\n\n\n\n<li>-> entsendet<\/li>\n<\/ul>\n<\/li>\n\n\n\n<li>3.6 PA BSI\n<ul class=\"wp-block-list\">\n<li>Fabio, Linus, Joachim<\/li>\n\n\n\n<li>-> Linus und Fabio sind gew\u00e4hlt<\/li>\n<\/ul>\n<\/li>\n\n\n\n<li>3.7 PA LuLo \/ ATL\n<ul class=\"wp-block-list\">\n<li>Lionel, Jacob, Manan<\/li>\n\n\n\n<li>-> Lionel und Jacob sind gew\u00e4hlt<\/li>\n<\/ul>\n<\/li>\n\n\n\n<li>3.8 PA EVS\n<ul class=\"wp-block-list\">\n<li>Oke, Jannis<\/li>\n\n\n\n<li>-> entsendet<\/li>\n<\/ul>\n<\/li>\n\n\n\n<li>3.9 PA VWI Ba\n<ul class=\"wp-block-list\">\n<li>Nico, Lukas<\/li>\n\n\n\n<li>-> entsendet<\/li>\n<\/ul>\n<\/li>\n\n\n\n<li>3.10 PA VWI Ma\n<ul class=\"wp-block-list\">\n<li>Nico, Paul<\/li>\n\n\n\n<li>-> Nico zieht wegen Platzbegrenzung seine Kandidatur zur\u00fcck<\/li>\n\n\n\n<li>-> entsendet<\/li>\n<\/ul>\n<\/li>\n\n\n\n<li>3.11 PA TEc\n<ul class=\"wp-block-list\">\n<li>Nico, Paul<\/li>\n\n\n\n<li>-> Nico zieht wegen Platzbegrenzung seine Kandidatur zur\u00fcck<\/li>\n\n\n\n<li>-> entsendet<\/li>\n<\/ul>\n<\/li>\n\n\n\n<li>3.12 Stellvertretende Finanzerin\n<ul class=\"wp-block-list\">\n<li>Vorschlag vom Finanzer: Moritz<\/li>\n\n\n\n<li>-> gew\u00e4hlt<\/li>\n<\/ul>\n<\/li>\n\n\n\n<li>3.13 Vertreterin im StuRa\n<ul class=\"wp-block-list\">\n<li>Bj\u00f6rn<\/li>\n\n\n\n<li>-> gew\u00e4hlt<\/li>\n<\/ul>\n<\/li>\n\n\n\n<li>3.14 Ersatzvertreterin im StuRa\n<ul class=\"wp-block-list\">\n<li>Lionel, Jakob<\/li>\n\n\n\n<li>-> vertagt<\/li>\n<\/ul>\n<\/li>\n\n\n\n<li>3.15 Studiengangskoordinator VWI\n<ul class=\"wp-block-list\">\n<li>Lukas<\/li>\n\n\n\n<li>-> entsendet<\/li>\n<\/ul>\n<\/li>\n\n\n\n<li>3.16 Institutsrat Verkehrsplanung und Stra\u00dfenverkehr\n<ul class=\"wp-block-list\">\n<li>Fabian, Oke, Jacob<\/li>\n\n\n\n<li>-> Nach einiger Diskussion zieht Oke seine Kandidatur zur\u00fcck<\/li>\n\n\n\n<li>-> entsendet<\/li>\n<\/ul>\n<\/li>\n\n\n\n<li>3.17 Institutsrat Wirtschaft und Verkehr\n<ul class=\"wp-block-list\">\n<li>Fabian, Oke<\/li>\n\n\n\n<li>-> entsendet<\/li>\n<\/ul>\n<\/li>\n<\/ul>\n<\/li>\n<\/ul>\n<\/li>\n\n\n\n<li>4. Beschluss Kontozugriff\n<ul class=\"wp-block-list\">\n<li>angenommen<\/li>\n<\/ul>\n<\/li>\n\n\n\n<li>5. Beschluss Sitzungstermine\n<ul class=\"wp-block-list\">\n<li>wie \u00fcblich weiter bis auf Widerruf<\/li>\n<\/ul>\n<\/li>\n\n\n\n<li>6. Ressorts\n<ul class=\"wp-block-list\">\n<li>Verkehrspolitik: \n<ul class=\"wp-block-list\">\n<li>am 4.2.:<\/li>\n\n\n\n<li>G\u00e4ste: Verkehrspolitischer Sprecher CDU, Expertin Mobilit\u00e4t Gr\u00fcne<\/li>\n\n\n\n<li>Thema: Verkehrsversuch Blaues Wunder<\/li>\n\n\n\n<li>Raumantrag ist noch nicht durch, es wurden Bedenken hinsichtlich Genehmigung durch die Uni angemeldet<\/li>\n<\/ul>\n<\/li>\n\n\n\n<li>Sitzungszusammenfassung sucht Nachfolger<\/li>\n\n\n\n<li>Traffic Jam sucht Lichtmensch<\/li>\n<\/ul>\n<\/li>\n\n\n\n<li>7. Bericht von alten Sprechern und Finanzer\n<ul class=\"wp-block-list\">\n<li>n\u00e4chste Woche: Ressortneubildung<\/li>\n<\/ul>\n<\/li>\n\n\n\n<li>8. Sonstiges\n<ul class=\"wp-block-list\">\n<li>Uni-Live Dienstplan wurde rumgeschickt<\/li>\n\n\n\n<li>Verkehrte Welt\n<ul class=\"wp-block-list\">\n<li>diesen Mittwoch Sitzung<\/li>\n\n\n\n<li>\u00fcbern\u00e4chstes Wochenende Vereinswochenende<\/li>\n<\/ul>\n<\/li>\n<\/ul>\n<\/li>\n<\/ul>\n\n\n\n<p>(Ende: 23:18; n\u00e4chstes Protokoll: Leon)<\/p>\n","protected":false},"excerpt":{"rendered":"<p>Montags um 20:05 findet die w\u00f6chentliche Sitzung des FSR Verkehr im POT\/13 statt, zu der alle herzlich eingeladen sind. Die Sitzung l\u00e4sst sich auch online \u2026<\/p>\n","protected":false},"author":29,"featured_media":0,"comment_status":"closed","ping_status":"closed","template":"","tags":[],"mec_category":[75],"class_list":["post-9468","mec-events","type-mec-events","status-publish","hentry","mec_category-fsr-sitzung"],"translation":{"provider":"WPGlobus","version":"3.0.0","language":"en","enabled_languages":["de","en"],"languages":{"de":{"title":true,"content":true,"excerpt":false},"en":{"title":false,"content":false,"excerpt":false}}},"_links":{"self":[{"href":"https:\/\/www.fsr-verkehr.de\/en\/wp-json\/wp\/v2\/mec-events\/9468","targetHints":{"allow":["GET"]}}],"collection":[{"href":"https:\/\/www.fsr-verkehr.de\/en\/wp-json\/wp\/v2\/mec-events"}],"about":[{"href":"https:\/\/www.fsr-verkehr.de\/en\/wp-json\/wp\/v2\/types\/mec-events"}],"author":[{"embeddable":true,"href":"https:\/\/www.fsr-verkehr.de\/en\/wp-json\/wp\/v2\/users\/29"}],"replies":[{"embeddable":true,"href":"https:\/\/www.fsr-verkehr.de\/en\/wp-json\/wp\/v2\/comments?post=9468"}],"wp:attachment":[{"href":"https:\/\/www.fsr-verkehr.de\/en\/wp-json\/wp\/v2\/media?parent=9468"}],"wp:term":[{"taxonomy":"post_tag","embeddable":true,"href":"https:\/\/www.fsr-verkehr.de\/en\/wp-json\/wp\/v2\/tags?post=9468"},{"taxonomy":"mec_category","embeddable":true,"href":"https:\/\/www.fsr-verkehr.de\/en\/wp-json\/wp\/v2\/mec_category?post=9468"}],"curies":[{"name":"wp","href":"https:\/\/api.w.org\/{rel}","templated":true}]}}