{"id":9748,"date":"2025-04-01T17:57:36","date_gmt":"2025-04-01T15:57:36","guid":{"rendered":"https:\/\/www.fsr-verkehr.de\/?post_type=mec-events&#038;p=9748"},"modified":"2025-04-01T17:58:29","modified_gmt":"2025-04-01T15:58:29","slug":"verkehrsfachschaftentagung-2025","status":"publish","type":"mec-events","link":"https:\/\/www.fsr-verkehr.de\/en\/events\/verkehrsfachschaftentagung-2025\/","title":{"rendered":"Verkehrsfachschaftentagung 2025"},"content":{"rendered":"\n<p>Liebe Fachgruppen, Fachschaftsr\u00e4te und Fachaussch\u00fcsse der Verkehrsstudieng\u00e4nge, liebe interessierte Studierende,<\/p>\n\n\n\n<p>wir freuen uns, euch hiermit herzlich zur Verkehrsfachschaftentagung (VeTa) 2025 vom 22.05. bis 25.05.2025 ins wundervolle Dresden einladen zu d\u00fcrfen.<\/p>\n\n\n\n<p>Bei der VeTa treffen sich j\u00e4hrlich vornehmlich hochschulpolitisch aktive Studierende verschiedenerverkehrs- und mobilit\u00e4tsnaher Studieng\u00e4nge aus der DACH-Region und tauschen sich \u00fcber Lehre, Studierendenzahlen, Verkehr, sowie sonstige Themen innerhalb und au\u00dferhalb der Universit\u00e4ten aus. Die St\u00e4rkung und Weiterentwicklung der hochschulpolitischen Arbeit steht dabei im Fokus des Programms. Neben den \u00fcblichen Arbeitsphasen (Workshops) zu diversen Themen der studentischen Selbstverwaltung und Hochschulpolitik wird das Programm durch Exkursionen, Fachvortr\u00e4ge und ein informelles Freizeitprogramm am Abend begleitet.Der Teilnahmebeitrag wird 40 \u20ac pro Studierendem betragen, f\u00fcr Alumni gilt ein Teilnahmebeitrag von 82 \u20ac.<\/p>\n\n\n\n<p>Bitte meldet euch zur Planung verbindlich so schnell wie m\u00f6glich, sp\u00e4testens aber bis zum 16.4.2025, \u00fcber fsrverkehr@tu-dresden.de an. Bitte organisiert euch bestenfalls innerhalb einer Hochschule f\u00fcreine gesammelte Anmeldung und teilt uns euren Studierendenstatus zum Zeitpunkt der Veranstaltung mit.Weitere Infos zum genaueren Programm und zur \u00dcberweisung folgen dann zu einem sp\u00e4teren Zeitpunkt. Bei Fragen oder Anregungen schreibt uns gerne ebenfalls unter fsrverkehr@tu-dresden.de.<\/p>\n\n\n\n<p>Viele Gr\u00fc\u00dfeFSR Verkehr Dresden &amp; Sp\u00e4tverkehr \u2013 Freunde der Fachschaft Verkehrswissenschaften Dresden e.V.<\/p>\n\n\n\n<div data-wp-interactive=\"core\/file\" class=\"wp-block-file\"><object data-wp-bind--hidden=\"!state.hasPdfPreview\" hidden class=\"wp-block-file__embed\" data=\"https:\/\/www.fsr-verkehr.de\/wp-content\/uploads\/2025\/04\/Einladung_FSR-Homepage.pdf\" type=\"application\/pdf\" style=\"width:100%;height:630px\" aria-label=\"Embed of Einladung_FSR-Homepage.\"><\/object><a id=\"wp-block-file--media-fb1459e5-9291-42d8-a146-f67fc45e4dd8\" href=\"https:\/\/www.fsr-verkehr.de\/wp-content\/uploads\/2025\/04\/Einladung_FSR-Homepage.pdf\">Einladung_FSR-Homepage<\/a><a href=\"https:\/\/www.fsr-verkehr.de\/wp-content\/uploads\/2025\/04\/Einladung_FSR-Homepage.pdf\" class=\"wp-block-file__button wp-element-button\" download aria-describedby=\"wp-block-file--media-fb1459e5-9291-42d8-a146-f67fc45e4dd8\">Herunterladen<\/a><\/div>\n","protected":false},"excerpt":{"rendered":"<p>Liebe Fachgruppen, Fachschaftsr\u00e4te und Fachaussch\u00fcsse der Verkehrsstudieng\u00e4nge, liebe interessierte Studierende, wir freuen uns, euch hiermit herzlich zur Verkehrsfachschaftentagung (VeTa) 2025 vom 22.05. bis 25.05.2025 ins \u2026<\/p>\n","protected":false},"author":31,"featured_media":0,"comment_status":"closed","ping_status":"closed","template":"","tags":[],"mec_category":[],"class_list":["post-9748","mec-events","type-mec-events","status-publish","hentry"],"translation":{"provider":"WPGlobus","version":"3.0.0","language":"en","enabled_languages":["de","en"],"languages":{"de":{"title":true,"content":true,"excerpt":false},"en":{"title":false,"content":false,"excerpt":false}}},"_links":{"self":[{"href":"https:\/\/www.fsr-verkehr.de\/en\/wp-json\/wp\/v2\/mec-events\/9748","targetHints":{"allow":["GET"]}}],"collection":[{"href":"https:\/\/www.fsr-verkehr.de\/en\/wp-json\/wp\/v2\/mec-events"}],"about":[{"href":"https:\/\/www.fsr-verkehr.de\/en\/wp-json\/wp\/v2\/types\/mec-events"}],"author":[{"embeddable":true,"href":"https:\/\/www.fsr-verkehr.de\/en\/wp-json\/wp\/v2\/users\/31"}],"replies":[{"embeddable":true,"href":"https:\/\/www.fsr-verkehr.de\/en\/wp-json\/wp\/v2\/comments?post=9748"}],"wp:attachment":[{"href":"https:\/\/www.fsr-verkehr.de\/en\/wp-json\/wp\/v2\/media?parent=9748"}],"wp:term":[{"taxonomy":"post_tag","embeddable":true,"href":"https:\/\/www.fsr-verkehr.de\/en\/wp-json\/wp\/v2\/tags?post=9748"},{"taxonomy":"mec_category","embeddable":true,"href":"https:\/\/www.fsr-verkehr.de\/en\/wp-json\/wp\/v2\/mec_category?post=9748"}],"curies":[{"name":"wp","href":"https:\/\/api.w.org\/{rel}","templated":true}]}}